{"id":143,"date":"2026-07-16T20:06:50","date_gmt":"2026-07-16T20:06:50","guid":{"rendered":"https:\/\/naturales.ues.edu.sv\/investigacion\/?page_id=143"},"modified":"2026-08-24T19:59:20","modified_gmt":"2026-08-24T19:59:20","slug":"did","status":"publish","type":"page","link":"https:\/\/naturales.ues.edu.sv\/investigacion\/did\/","title":{"rendered":"Did\u00e1ctica de la Matem\u00e1tica (DID)"},"content":{"rendered":"\t\t<div data-elementor-type=\"wp-page\" data-elementor-id=\"143\" class=\"elementor elementor-143\">\n\t\t\t\t\t\t<section class=\"elementor-section elementor-top-section elementor-element elementor-element-b008bb5 elementor-section-boxed elementor-section-height-default elementor-section-height-default\" data-id=\"b008bb5\" data-element_type=\"section\" data-e-type=\"section\">\n\t\t\t\t\t\t<div class=\"elementor-container elementor-column-gap-default\">\n\t\t\t\t\t<div class=\"elementor-column elementor-col-50 elementor-top-column elementor-element elementor-element-6692b7d\" data-id=\"6692b7d\" data-element_type=\"column\" data-e-type=\"column\">\n\t\t\t<div class=\"elementor-widget-wrap elementor-element-populated\">\n\t\t\t\t\t\t<div class=\"elementor-element elementor-element-8e1a47b elementor-widget elementor-widget-image\" data-id=\"8e1a47b\" data-element_type=\"widget\" data-e-type=\"widget\" data-widget_type=\"image.default\">\n\t\t\t\t<div class=\"elementor-widget-container\">\n\t\t\t\t\t\t\t\t\t\t\t\t\t\t\t<img loading=\"lazy\" width=\"640\" height=\"427\" src=\"https:\/\/naturales.ues.edu.sv\/investigacion\/wp-content\/uploads\/sites\/26\/2026\/08\/746171526_2624166834707170_630995938159348720_n-1024x683.jpg\" class=\"attachment-large size-large wp-image-248\" alt=\"746171526_2624166834707170_630995938159348720_n\" srcset=\"https:\/\/naturales.ues.edu.sv\/investigacion\/wp-content\/uploads\/sites\/26\/2026\/08\/746171526_2624166834707170_630995938159348720_n-1024x683.jpg 1024w, https:\/\/naturales.ues.edu.sv\/investigacion\/wp-content\/uploads\/sites\/26\/2026\/08\/746171526_2624166834707170_630995938159348720_n-300x200.jpg 300w, https:\/\/naturales.ues.edu.sv\/investigacion\/wp-content\/uploads\/sites\/26\/2026\/08\/746171526_2624166834707170_630995938159348720_n-768x512.jpg 768w, https:\/\/naturales.ues.edu.sv\/investigacion\/wp-content\/uploads\/sites\/26\/2026\/08\/746171526_2624166834707170_630995938159348720_n-1536x1024.jpg 1536w, https:\/\/naturales.ues.edu.sv\/investigacion\/wp-content\/uploads\/sites\/26\/2026\/08\/746171526_2624166834707170_630995938159348720_n.jpg 1620w\" sizes=\"auto, (max-width: 640px) 100vw, 640px\" loading=\"lazy\" decoding=\"async\" \/>\t\t\t\t\t\t\t\t\t\t\t\t\t\t\t<\/div>\n\t\t\t\t<\/div>\n\t\t\t\t<div class=\"elementor-element elementor-element-b9f296d elementor-widget elementor-widget-accordion\" data-id=\"b9f296d\" data-element_type=\"widget\" data-e-type=\"widget\" data-widget_type=\"accordion.default\">\n\t\t\t\t<div class=\"elementor-widget-container\">\n\t\t\t\t\t\t\t<div class=\"elementor-accordion\">\n\t\t\t\t\t\t\t<div class=\"elementor-accordion-item\">\n\t\t\t\t\t<div id=\"elementor-tab-title-1941\" class=\"elementor-tab-title\" data-tab=\"1\" role=\"button\" aria-controls=\"elementor-tab-content-1941\" aria-expanded=\"false\">\n\t\t\t\t\t\t\t\t\t\t\t\t\t<span class=\"elementor-accordion-icon elementor-accordion-icon-left\" aria-hidden=\"true\">\n\t\t\t\t\t\t\t\t\t\t\t\t\t\t\t<span class=\"elementor-accordion-icon-closed\"><i class=\"fas fa-plus\"><\/i><\/span>\n\t\t\t\t\t\t\t\t<span class=\"elementor-accordion-icon-opened\"><i class=\"fas fa-minus\"><\/i><\/span>\n\t\t\t\t\t\t\t\t\t\t\t\t\t\t<\/span>\n\t\t\t\t\t\t\t\t\t\t\t\t<a class=\"elementor-accordion-title\" tabindex=\"0\">Integrante<\/a>\n\t\t\t\t\t<\/div>\n\t\t\t\t\t<div id=\"elementor-tab-content-1941\" class=\"elementor-tab-content elementor-clearfix\" data-tab=\"1\" role=\"region\" aria-labelledby=\"elementor-tab-title-1941\"><ul><li><span style=\"font-weight: 400\">Eduardo A. Navas-L\u00f3pez (IP)<br \/><\/span> <a href=\"mailto:eduardo.navas@ues.edu.sv\">eduardo.navas@ues.edu.sv<\/a><br \/>Escuela de Matem\u00e1tica<\/li><li style=\"font-weight: 400\"><span style=\"font-weight: 400\">Estudiantes de pre-grado<\/span><\/li><li style=\"font-weight: 400\"><span style=\"font-weight: 400\">Estudiantes de post-grado<\/span><\/li><\/ul><\/div>\n\t\t\t\t<\/div>\n\t\t\t\t\t\t\t\t<\/div>\n\t\t\t\t\t\t<\/div>\n\t\t\t\t<\/div>\n\t\t\t\t\t<\/div>\n\t\t<\/div>\n\t\t\t\t<div class=\"elementor-column elementor-col-50 elementor-top-column elementor-element elementor-element-65705c9\" data-id=\"65705c9\" data-element_type=\"column\" data-e-type=\"column\">\n\t\t\t<div class=\"elementor-widget-wrap elementor-element-populated\">\n\t\t\t\t\t\t<div class=\"elementor-element elementor-element-4c7ba4c elementor-widget elementor-widget-accordion\" data-id=\"4c7ba4c\" data-element_type=\"widget\" data-e-type=\"widget\" data-widget_type=\"accordion.default\">\n\t\t\t\t<div class=\"elementor-widget-container\">\n\t\t\t\t\t\t\t<div class=\"elementor-accordion\">\n\t\t\t\t\t\t\t<div class=\"elementor-accordion-item\">\n\t\t\t\t\t<div id=\"elementor-tab-title-8011\" class=\"elementor-tab-title\" data-tab=\"1\" role=\"button\" aria-controls=\"elementor-tab-content-8011\" aria-expanded=\"false\">\n\t\t\t\t\t\t\t\t\t\t\t\t\t<span class=\"elementor-accordion-icon elementor-accordion-icon-left\" aria-hidden=\"true\">\n\t\t\t\t\t\t\t\t\t\t\t\t\t\t\t<span class=\"elementor-accordion-icon-closed\"><i class=\"fas fa-plus\"><\/i><\/span>\n\t\t\t\t\t\t\t\t<span class=\"elementor-accordion-icon-opened\"><i class=\"fas fa-minus\"><\/i><\/span>\n\t\t\t\t\t\t\t\t\t\t\t\t\t\t<\/span>\n\t\t\t\t\t\t\t\t\t\t\t\t<a class=\"elementor-accordion-title\" tabindex=\"0\">L\u00edneas de investigaci\u00f3n<\/a>\n\t\t\t\t\t<\/div>\n\t\t\t\t\t<div id=\"elementor-tab-content-8011\" class=\"elementor-tab-content elementor-clearfix\" data-tab=\"1\" role=\"region\" aria-labelledby=\"elementor-tab-title-8011\"><ul><li><span style=\"font-weight: 400\">Pensamiento algor\u00edtmico.<\/span><\/li><li><span style=\"font-weight: 400\">Modelos de comprensi\u00f3n de conceptos matem\u00e1ticos.<\/span><\/li><li><span style=\"font-weight: 400\">Pensamiento computacional en la did\u00e1ctica de la matem\u00e1tica (una perspectiva de STEAM).<\/span><\/li><li><span style=\"font-weight: 400\">Pensamiento matem\u00e1tico, resoluci\u00f3n y planteamiento de problemas.<\/span><\/li><li><span style=\"font-weight: 400\">Arte matem\u00e1tico generado por computadora (una perspectiva de STEAM).<\/span><\/li><\/ul><\/div>\n\t\t\t\t<\/div>\n\t\t\t\t\t\t\t<div class=\"elementor-accordion-item\">\n\t\t\t\t\t<div id=\"elementor-tab-title-8012\" class=\"elementor-tab-title\" data-tab=\"2\" role=\"button\" aria-controls=\"elementor-tab-content-8012\" aria-expanded=\"false\">\n\t\t\t\t\t\t\t\t\t\t\t\t\t<span class=\"elementor-accordion-icon elementor-accordion-icon-left\" aria-hidden=\"true\">\n\t\t\t\t\t\t\t\t\t\t\t\t\t\t\t<span class=\"elementor-accordion-icon-closed\"><i class=\"fas fa-plus\"><\/i><\/span>\n\t\t\t\t\t\t\t\t<span class=\"elementor-accordion-icon-opened\"><i class=\"fas fa-minus\"><\/i><\/span>\n\t\t\t\t\t\t\t\t\t\t\t\t\t\t<\/span>\n\t\t\t\t\t\t\t\t\t\t\t\t<a class=\"elementor-accordion-title\" tabindex=\"0\">Proyectos en desarrollo<\/a>\n\t\t\t\t\t<\/div>\n\t\t\t\t\t<div id=\"elementor-tab-content-8012\" class=\"elementor-tab-content elementor-clearfix\" data-tab=\"2\" role=\"region\" aria-labelledby=\"elementor-tab-title-8012\"><ul><li><span style=\"font-weight: 400\">Incorporaci\u00f3n de la Investigaci\u00f3n-Acci\u00f3n en la formaci\u00f3n inicial de profesores de matem\u00e1tica.<\/span><\/li><li><span style=\"font-weight: 400\">Complejidad de problemas matem\u00e1ticos planteados por estudiantes con talento matem\u00e1tico.<\/span><\/li><li><span style=\"font-weight: 400\">Desarrollo de la comprensi\u00f3n en estudiantes de secundaria del concepto de n\u00fameros enteros y n\u00fameros fraccionarios.<\/span><\/li><li><span style=\"font-weight: 400\">Revisi\u00f3n sistem\u00e1tica\u00a0 sobre actividades art\u00edsticas relacionadas con el desarrollo del pensamiento algor\u00edtmico en contextos STEAM.<\/span><\/li><li><span style=\"font-weight: 400\">Prevalencia del s\u00edndrome de Burnout en profesores de educaci\u00f3n b\u00e1sica y media de la zona de San Salvador Centro.<\/span><\/li><li><span style=\"font-weight: 400\">Estudio cuantitativo y An\u00e1lisis factorial de Motivaci\u00f3n hacia la Matem\u00e1tica en la poblaci\u00f3n estudiantil universitaria.<\/span><\/li><\/ul><\/div>\n\t\t\t\t<\/div>\n\t\t\t\t\t\t\t<div class=\"elementor-accordion-item\">\n\t\t\t\t\t<div id=\"elementor-tab-title-8013\" class=\"elementor-tab-title\" data-tab=\"3\" role=\"button\" aria-controls=\"elementor-tab-content-8013\" aria-expanded=\"false\">\n\t\t\t\t\t\t\t\t\t\t\t\t\t<span class=\"elementor-accordion-icon elementor-accordion-icon-left\" aria-hidden=\"true\">\n\t\t\t\t\t\t\t\t\t\t\t\t\t\t\t<span class=\"elementor-accordion-icon-closed\"><i class=\"fas fa-plus\"><\/i><\/span>\n\t\t\t\t\t\t\t\t<span class=\"elementor-accordion-icon-opened\"><i class=\"fas fa-minus\"><\/i><\/span>\n\t\t\t\t\t\t\t\t\t\t\t\t\t\t<\/span>\n\t\t\t\t\t\t\t\t\t\t\t\t<a class=\"elementor-accordion-title\" tabindex=\"0\">Proyectos desarrollados<\/a>\n\t\t\t\t\t<\/div>\n\t\t\t\t\t<div id=\"elementor-tab-content-8013\" class=\"elementor-tab-content elementor-clearfix\" data-tab=\"3\" role=\"region\" aria-labelledby=\"elementor-tab-title-8013\"><ul><li><span style=\"font-weight: 400\">Desarrollo de una definici\u00f3n conceptual de la noci\u00f3n de Potencial Etnomatem\u00e1tico.<\/span><\/li><li><span style=\"font-weight: 400\">Propuesta y validaci\u00f3n de constructo de una definici\u00f3n operacional de Pensamiento Algor\u00edtmico entre estudiantes universitarios.<\/span><\/li><li><span style=\"font-weight: 400\">Sistematizaci\u00f3n de los fundamentos y referentes conceptuales de la relaci\u00f3n entre el Pensamiento Algor\u00edtmico, Pensamiento Matem\u00e1tico y Pensamiento Computacional.<\/span><\/li><li><span style=\"font-weight: 400\">An\u00e1lisis cualitativo de la comprensi\u00f3n del concepto de equivalencia l\u00f3gica en estudiantes universitarios.<\/span><\/li><li><span style=\"font-weight: 400\">Producci\u00f3n de obras de arte matem\u00e1tico generado por computadora para la decoraci\u00f3n interior del Edificio de la Escuela de Matem\u00e1tica.<\/span><\/li><\/ul><\/div>\n\t\t\t\t<\/div>\n\t\t\t\t\t\t\t<div class=\"elementor-accordion-item\">\n\t\t\t\t\t<div id=\"elementor-tab-title-8014\" class=\"elementor-tab-title\" data-tab=\"4\" role=\"button\" aria-controls=\"elementor-tab-content-8014\" aria-expanded=\"false\">\n\t\t\t\t\t\t\t\t\t\t\t\t\t<span class=\"elementor-accordion-icon elementor-accordion-icon-left\" aria-hidden=\"true\">\n\t\t\t\t\t\t\t\t\t\t\t\t\t\t\t<span class=\"elementor-accordion-icon-closed\"><i class=\"fas fa-plus\"><\/i><\/span>\n\t\t\t\t\t\t\t\t<span class=\"elementor-accordion-icon-opened\"><i class=\"fas fa-minus\"><\/i><\/span>\n\t\t\t\t\t\t\t\t\t\t\t\t\t\t<\/span>\n\t\t\t\t\t\t\t\t\t\t\t\t<a class=\"elementor-accordion-title\" tabindex=\"0\">Art\u00edculos \/ Participaciones en congresos<\/a>\n\t\t\t\t\t<\/div>\n\t\t\t\t\t<div id=\"elementor-tab-content-8014\" class=\"elementor-tab-content elementor-clearfix\" data-tab=\"4\" role=\"region\" aria-labelledby=\"elementor-tab-title-8014\"><p><b>Art\u00edculos<\/b><\/p><ul><li><span style=\"font-weight: 400\">Navas-L\u00f3pez, E. A. &amp; Cruz-Miranda, J. A. <\/span><i><span style=\"font-weight: 400\">Paradigma: Revista de Investigaci\u00f3n Educativa<\/span><\/i><span style=\"font-weight: 400\">, 32 <\/span><b>(2025)<\/b><span style=\"font-weight: 400\">, 9-34.<\/span><\/li><li><span style=\"font-weight: 400\">Navas-L\u00f3pez, E. A. <\/span><i><span style=\"font-weight: 400\">Revista Iberoamericana de Educaci\u00f3n Superior<\/span><\/i><span style=\"font-weight: 400\">, 16 <\/span><b>(2025)<\/b><span style=\"font-weight: 400\">, 40\u201359.<\/span><\/li><li><span style=\"font-weight: 400\">Navas-L\u00f3pez, E. A. <\/span><i><span style=\"font-weight: 400\">Cuadernos de Investigaci\u00f3n Educativa<\/span><\/i><span style=\"font-weight: 400\">, 15 <\/span><b>(2024)<\/b><span style=\"font-weight: 400\">, 1-23.<\/span><\/li><li><span style=\"font-weight: 400\">Navas-L\u00f3pez, E. A. <\/span><i><span style=\"font-weight: 400\">Revista Venezolana de Investigaci\u00f3n en Educaci\u00f3n Matem\u00e1tica<\/span><\/i><span style=\"font-weight: 400\">, 4 <\/span><b>(2024)<\/b><span style=\"font-weight: 400\">, e202403.<\/span><\/li><li><span style=\"font-weight: 400\">Navas-L\u00f3pez, E. A. <\/span><i><span style=\"font-weight: 400\">IE Revista de Investigaci\u00f3n Educativa de la REDIECH<\/span><\/i><span style=\"font-weight: 400\">, 15 <\/span><b>(2024)<\/b><span style=\"font-weight: 400\">, e1929.<\/span><\/li><li><span style=\"font-weight: 400\">Navas-L\u00f3pez, E. A. <\/span><i><span style=\"font-weight: 400\">Acta Latinoamericana de Matem\u00e1tica Educativa<\/span><\/i><span style=\"font-weight: 400\">, 35 <\/span><b>(2022)<\/b><span style=\"font-weight: 400\">, 158-170.<\/span><\/li><li><span style=\"font-weight: 400\">Navas-L\u00f3pez, E. A. <\/span><i><span style=\"font-weight: 400\">International Journal on Integrating Technology in Education<\/span><\/i><span style=\"font-weight: 400\">, 11 <\/span><b>(2022)<\/b><span style=\"font-weight: 400\">, 35-54.<\/span><\/li><li><span style=\"font-weight: 400\">Navas-L\u00f3pez, E. A. <\/span><i><span style=\"font-weight: 400\">International Journal of Computer Science, Engineering and Information Technology<\/span><\/i><span style=\"font-weight: 400\">, 12 <\/span><b>(2022)<\/b><span style=\"font-weight: 400\">, 1-20.<\/span><\/li><\/ul><p><b>Congresos<\/b><\/p><ul><li><span style=\"font-weight: 400\">Navas-L\u00f3pez, E. A. <\/span><i><span style=\"font-weight: 400\">Segundo Coloquio Salvadore\u00f1o de Matem\u00e1tica<\/span><\/i><span style=\"font-weight: 400\">, <\/span><b>(2025)<\/b><span style=\"font-weight: 400\">, San Salvador, El Salvador. (Charla)<\/span><\/li><li><span style=\"font-weight: 400\">Navas-L\u00f3pez, E. A. <\/span><i><span style=\"font-weight: 400\">Congreso de Matem\u00e1tica y su Did\u00e1ctica<\/span><\/i><span style=\"font-weight: 400\">, <\/span><b>(2025)<\/b><span style=\"font-weight: 400\">, San Salvador, El Salvador. (Charla)<\/span><\/li><li><span style=\"font-weight: 400\">Navas-L\u00f3pez, E. A. <\/span><i><span style=\"font-weight: 400\">XI Congreso Venezolano de Educaci\u00f3n Matem\u00e1tica<\/span><\/i><span style=\"font-weight: 400\">, <\/span><b>(2024)<\/b><span style=\"font-weight: 400\">, Puerto Ordaz, Venezuela. (Charla)<\/span><\/li><li><span style=\"font-weight: 400\">Navas-L\u00f3pez, E. A. <\/span><i><span style=\"font-weight: 400\">XXXVII Reuni\u00f3n Latinoamericana de Matem\u00e1tica Educativa<\/span><\/i><span style=\"font-weight: 400\">, <\/span><b>(2024)<\/b><span style=\"font-weight: 400\">, San Jos\u00e9, Costa Rica. (Charla)<\/span><\/li><li><span style=\"font-weight: 400\">Navas-L\u00f3pez, E. A. <\/span><i><span style=\"font-weight: 400\">III Encuentro Internacional de Matem\u00e1tica Universitaria y su Did\u00e1ctica<\/span><\/i><span style=\"font-weight: 400\">, <\/span><b>(2024)<\/b><span style=\"font-weight: 400\">, Cartago, Costa Rica. (Charla)<\/span><\/li><li><span style=\"font-weight: 400\">Navas-L\u00f3pez, E. A. <\/span><i><span style=\"font-weight: 400\">VI Encuentro Bienal de Investigaci\u00f3n y Posgrado Centroam\u00e9rica y el Caribe<\/span><\/i><span style=\"font-weight: 400\">, <\/span><b>(2023)<\/b><span style=\"font-weight: 400\">, Managua, Nicaragua. (Charla)<\/span><\/li><li><span style=\"font-weight: 400\">Navas-L\u00f3pez, E. A. <\/span><i><span style=\"font-weight: 400\">Segundas Jornadas Internacionales \u00abPensamiento Visual en lo Matem\u00e1tico\u00bb<\/span><\/i><span style=\"font-weight: 400\">, <\/span><b>(2022)<\/b><span style=\"font-weight: 400\">, Rio Grande do Sul, Brasil. (Charla)<\/span><\/li><li><span style=\"font-weight: 400\">Navas-L\u00f3pez, E. A. <\/span><i><span style=\"font-weight: 400\">Primera Escuela de Verano del Encuentro Centroamericano de Matem\u00e1tica Educativa<\/span><\/i><span style=\"font-weight: 400\">, <\/span><b>(2022)<\/b><span style=\"font-weight: 400\">, San Carlos de Alajuela, Costa Rica. (Charla)<\/span><\/li><li><span style=\"font-weight: 400\">Navas-L\u00f3pez, E. A. <\/span><i><span style=\"font-weight: 400\">VII Encuentro sobre Did\u00e1ctica de la Estad\u00edstica, la Probabilidad y el An\u00e1lisis de Datos<\/span><\/i><span style=\"font-weight: 400\">, <\/span><b>(2022)<\/b><span style=\"font-weight: 400\">, Cartago, Costa Rica. (Charla)<\/span><\/li><\/ul><\/div>\n\t\t\t\t<\/div>\n\t\t\t\t\t\t\t\t<\/div>\n\t\t\t\t\t\t<\/div>\n\t\t\t\t<\/div>\n\t\t\t\t\t<\/div>\n\t\t<\/div>\n\t\t\t\t\t<\/div>\n\t\t<\/section>\n\t\t\t\t<\/div>\n\t\t","protected":false},"excerpt":{"rendered":"<p>Integrante Eduardo A. Navas-L\u00f3pez (IP) eduardo.navas@ues.edu.svEscuela de Matem\u00e1tica Estudiantes de pre-grado Estudiantes de post-grado L\u00edneas&#8230;<\/p>\n","protected":false},"author":4,"featured_media":0,"parent":0,"menu_order":0,"comment_status":"closed","ping_status":"closed","template":"","meta":{"footnotes":""},"class_list":["post-143","page","type-page","status-publish","hentry"],"_links":{"self":[{"href":"https:\/\/naturales.ues.edu.sv\/investigacion\/wp-json\/wp\/v2\/pages\/143","targetHints":{"allow":["GET"]}}],"collection":[{"href":"https:\/\/naturales.ues.edu.sv\/investigacion\/wp-json\/wp\/v2\/pages"}],"about":[{"href":"https:\/\/naturales.ues.edu.sv\/investigacion\/wp-json\/wp\/v2\/types\/page"}],"author":[{"embeddable":true,"href":"https:\/\/naturales.ues.edu.sv\/investigacion\/wp-json\/wp\/v2\/users\/4"}],"replies":[{"embeddable":true,"href":"https:\/\/naturales.ues.edu.sv\/investigacion\/wp-json\/wp\/v2\/comments?post=143"}],"version-history":[{"count":23,"href":"https:\/\/naturales.ues.edu.sv\/investigacion\/wp-json\/wp\/v2\/pages\/143\/revisions"}],"predecessor-version":[{"id":555,"href":"https:\/\/naturales.ues.edu.sv\/investigacion\/wp-json\/wp\/v2\/pages\/143\/revisions\/555"}],"wp:attachment":[{"href":"https:\/\/naturales.ues.edu.sv\/investigacion\/wp-json\/wp\/v2\/media?parent=143"}],"curies":[{"name":"wp","href":"https:\/\/api.w.org\/{rel}","templated":true}]}}